{"id":3932,"date":"2020-07-15T11:47:46","date_gmt":"2020-07-15T11:47:46","guid":{"rendered":"https:\/\/fredericmistral-tecniceulalia.cat\/oferta-educativa\/batxibac\/"},"modified":"2021-02-17T16:48:32","modified_gmt":"2021-02-17T15:48:32","slug":"bachibac","status":"publish","type":"page","link":"https:\/\/fredericmistral-tecniceulalia.cat\/es\/oferta-educativa\/bachibac\/","title":{"rendered":"Bachibac"},"content":{"rendered":"\n\t<div id=\"cabecerainterior-block_5ed75ecb28017\" class=\"cabecerainterior lazy\">\n\t\t<div class=\"cabint-image\">\n\t\t\t<img decoding=\"async\" src=\"https:\/\/fredericmistral-tecniceulalia.cat\/wp-content\/uploads\/2020\/07\/opt_Batxibac-1-1.jpg\" alt=\"Batxibac\">\n\t\t<\/div>\n\t\t<div class=\"cabint-info\">\n\t\t\t<h1 class=\"cabint-info__titol\">\n\t\t\t\tBachibac\t\t\t<\/h1>\n\t\t<\/div>\n\t<\/div>\n\n\t\n\n\n\t<div id=\"tornarenrera-block_5f35961a76123\" class=\"back lazy\">\n\t\t<a href=\"\/es\/oferta-educativa\/\" class=\"goback\">\n\t\t\t<img decoding=\"async\" src=\"\/wp-content\/uploads\/2020\/08\/arrow_goback.png\" alt=\"Tornar enrere\" title=\"Tornar enrere\"\/>\n\t\t<\/a>\n\t<\/div>\n\n\t\n\n\t<div iid=\"textodestacado-block_5f0ee88a0e3a6\" class=\"text-destacat lazy\">\t\t<div class=\"grid-container\">\n\t\t\t<!-- Item -->\n        <div class=\"text-destacat__text\">\n\t\t\t\t\t<h2 class=\"titol_bloc\">\n\t\t\t\t\t\t<strong>Un programa de estudios para una doble titulaci\u00f3<\/strong>\t\t\t\t\t<\/h2>\n\t\t\t\t\t<div class=\"text_bloc\">\n\t\t\t\t\t\t<p>El alumnado que cursa Bachibac hace una inmersi\u00f3n en la lengua y la cultura francesas. Este programa de estudios, fruto de un acuerdo entre el Gobierno espa\u00f1ol y el Gobierno franc\u00e9s, permite obtener la doble titulaci\u00f3n del <strong>bachillerato espa\u00f1ol<\/strong> y del <strong>baccalaur\u00e9at franc\u00e9s<\/strong> y da acceso directo a universidades espa\u00f1olas y francesas.<\/p>\n\t\t\t\t\t<\/div>\n\t\t\t\t<\/div>\n\t\t\t<!-- .\/ Item -->\t\n\t\t<\/div>\n\t<\/div>\n\n\t\n\n\t<div id=\"text-block_5f0ee8a70e3a7\" class=\"text-simple bg-ultra_clar lazy\">    <div class=\"grid-container\">\n      <!-- Item -->\n      <div class=\"text-simple__text\">\n        <h2 class=\"titol_bloc\">\n          \t\n        <\/h2>\n      \t<div class=\"text_bloc\">\n        \t<p>Cuando llega al Bachillerato, el alumnado del colegio tiene la opci\u00f3n de estudiar el <strong>Bachibac<\/strong>, un programa de estudios que permite obtener la doble titulaci\u00f3n del Bachillerato espa\u00f1ol y de baccalaur\u00e9at franc\u00e9s. Cursarlo les permite hacer una inmersi\u00f3n en la lengua y la cultura francesas mediante el estudio en profundidad de la lengua, la literatura y la historia de Francia. A la vez, favorece la <strong>formaci\u00f3n bicultural y multiling\u00fce<\/strong>, la <strong>movilidad<\/strong> y el <strong>intercambio cultural<\/strong> y la <strong>inserci\u00f3n profesional<\/strong>.<\/p>\n<p>El Bachibac incorpora, a las materias comunes y espec\u00edficas de cualquier itinerario del Bachillerato, el franc\u00e9s como primera lengua extranjera, la tutor\u00eda en franc\u00e9s, las materias de Literatura Francesa e Historia de Francia, substituyendo la materia espec\u00edfica de 1\u00ba y 2\u00ba de cada itinerario, el Trabajo de Investigaci\u00f3n en franc\u00e9s, el intercambio en 1\u00ba, y el viaje a Par\u00eds, en 2\u00ba, en franc\u00e9s y, en total, una tercera parte del curr\u00edculum en lengua francesa.<\/p>\n      \t<\/div>\n     \t<\/div>\n      <!-- .\/ Item -->\n    <\/div>\n  <\/div>\n\n\t\n\n   \t<div id=\"\" class=\"row bg-clar ambits lazy\">\n   \t\t<h2 class=\"entry-title\">\u00c1mbitos<\/h2>\n     \t<div class=\"col-md-2 offset-md-1 offset-xxl-2\">\n       \t<div class=\"ambits-txt\">\n          Descubre los<br><strong> 5 ejes singulares<\/strong> que nos definen       \t<\/div>\n     \t<\/div>\n     \t<div class=\"col-md-9 col-xxl-8\">\n        <ul class=\"ambits-links\">\n        \t<li class=\"ambits-link cultura_valors\"><a href=\"https:\/\/fredericmistral-tecniceulalia.cat\/es\/ambitos\/cultura-y-valores\/\">Cultura y valores<\/a><\/li>\n          <li class=\"ambits-link sostenibilitat\"><a href=\"https:\/\/fredericmistral-tecniceulalia.cat\/es\/ambitos\/sostenibilidad\/\">sostenibilidad<\/a><\/li>\n          <li class=\"ambits-link orientacio\"><a href=\"https:\/\/fredericmistral-tecniceulalia.cat\/es\/ambitos\/orientacion-personal-y-academica\/\">Orientaci\u00f3n personal<br>y acad\u00e9mica<\/a><\/li>\n          <li class=\"ambits-link innovacio\"><a href=\"https:\/\/fredericmistral-tecniceulalia.cat\/es\/ambitos\/innovacio\/\">Innovaci\u00f3n<\/a><\/li>\n          <li class=\"ambits-link plurilinguisme\"><a href=\"https:\/\/fredericmistral-tecniceulalia.cat\/es\/ambitos\/plurilinguismo\/\">Pluriling\u00fcismo<\/a><\/li>\n       \t<\/ul>\n     \t<\/div>\n   \t<\/div>\n\n\t","protected":false},"excerpt":{"rendered":"","protected":false},"author":3,"featured_media":0,"parent":3906,"menu_order":0,"comment_status":"closed","ping_status":"closed","template":"","meta":{"_acf_changed":false,"_uag_custom_page_level_css":"","_themeisle_gutenberg_block_has_review":false,"footnotes":""},"class_list":{"0":"post-3932","1":"page","2":"type-page","3":"status-publish","5":"infinite-scroll-item"},"acf":[],"uagb_featured_image_src":{"full":false,"thumbnail":false,"medium":false,"medium_large":false,"large":false,"custom-cuadrat":false,"modul1":false,"post":false,"1536x1536":false,"2048x2048":false},"uagb_author_info":{"display_name":"usuari-admin","author_link":"https:\/\/fredericmistral-tecniceulalia.cat\/es\/author\/usuari-admin\/"},"uagb_comment_info":0,"uagb_excerpt":null,"_links":{"self":[{"href":"https:\/\/fredericmistral-tecniceulalia.cat\/es\/wp-json\/wp\/v2\/pages\/3932","targetHints":{"allow":["GET"]}}],"collection":[{"href":"https:\/\/fredericmistral-tecniceulalia.cat\/es\/wp-json\/wp\/v2\/pages"}],"about":[{"href":"https:\/\/fredericmistral-tecniceulalia.cat\/es\/wp-json\/wp\/v2\/types\/page"}],"author":[{"embeddable":true,"href":"https:\/\/fredericmistral-tecniceulalia.cat\/es\/wp-json\/wp\/v2\/users\/3"}],"replies":[{"embeddable":true,"href":"https:\/\/fredericmistral-tecniceulalia.cat\/es\/wp-json\/wp\/v2\/comments?post=3932"}],"version-history":[{"count":6,"href":"https:\/\/fredericmistral-tecniceulalia.cat\/es\/wp-json\/wp\/v2\/pages\/3932\/revisions"}],"predecessor-version":[{"id":5321,"href":"https:\/\/fredericmistral-tecniceulalia.cat\/es\/wp-json\/wp\/v2\/pages\/3932\/revisions\/5321"}],"up":[{"embeddable":true,"href":"https:\/\/fredericmistral-tecniceulalia.cat\/es\/wp-json\/wp\/v2\/pages\/3906"}],"wp:attachment":[{"href":"https:\/\/fredericmistral-tecniceulalia.cat\/es\/wp-json\/wp\/v2\/media?parent=3932"}],"curies":[{"name":"wp","href":"https:\/\/api.w.org\/{rel}","templated":true}]}}