{"id":3951,"date":"2020-07-15T14:18:28","date_gmt":"2020-07-15T14:18:28","guid":{"rendered":"https:\/\/fredericmistral-tecniceulalia.cat\/servicios\/menjador-i-cuina-propia\/"},"modified":"2021-02-18T08:32:17","modified_gmt":"2021-02-18T07:32:17","slug":"comedor-y-cocina-propia","status":"publish","type":"page","link":"https:\/\/fredericmistral-tecniceulalia.cat\/es\/servicios\/comedor-y-cocina-propia\/","title":{"rendered":"Comedor y cocina propia"},"content":{"rendered":"\n\t<div id=\"cabecerainterior-block_5ed8c6e1d8767\" class=\"cabecerainterior lazy\">\n\t\t<div class=\"cabint-image\">\n\t\t\t<img decoding=\"async\" src=\"https:\/\/fredericmistral-tecniceulalia.cat\/wp-content\/uploads\/2020\/07\/opt_web_FMTE_menjador_2-1-1.jpg\" alt=\"Menjador i cuina pr\u00f2pia\">\n\t\t<\/div>\n\t\t<div class=\"cabint-info\">\n\t\t\t<h1 class=\"cabint-info__titol\">\n\t\t\t\tComedor y cocina propia\t\t\t<\/h1>\n\t\t<\/div>\n\t<\/div>\n\n\t\n\n\n\t<div id=\"tornarenrera-block_5f3596f042ba8\" class=\"back lazy\">\n\t\t<a href=\"\/es\/servicios\/\" class=\"goback\">\n\t\t\t<img decoding=\"async\" src=\"\/wp-content\/uploads\/2020\/08\/arrow_goback.png\" alt=\"Tornar enrere\" title=\"Tornar enrere\"\/>\n\t\t<\/a>\n\t<\/div>\n\n\t\n\n\t<div iid=\"textodestacado-block_5f0f0fe3ec5d8\" class=\"text-destacat lazy\">\t\t<div class=\"grid-container\">\n\t\t\t<!-- Item -->\n        <div class=\"text-destacat__text\">\n\t\t\t\t\t<h2 class=\"titol_bloc\">\n\t\t\t\t\t\t<strong>Cuando el comer bien empieza en el colegio<\/strong>\t\t\t\t\t<\/h2>\n\t\t\t\t\t<div class=\"text_bloc\">\n\t\t\t\t\t\t<p>Disponemos de nuevas instalaciones de <strong>cocina propia <\/strong>equipada y dise\u00f1ada para hacer un uso eficiente de los recursos. Elaboramos la comida diariamente para ofrecer una <strong>alimentaci\u00f3n <\/strong>saludable basada en productos frescos.<\/p>\n\t\t\t\t\t<\/div>\n\t\t\t\t<\/div>\n\t\t\t<!-- .\/ Item -->\t\n\t\t<\/div>\n\t<\/div>\n\n\t\n\n\t<div id=\"text-block_5f0f1036ec5d9\" class=\"text-simple bg-ultra_clar lazy\">    <div class=\"grid-container\">\n      <!-- Item -->\n      <div class=\"text-simple__text\">\n        <h2 class=\"titol_bloc\">\n          \t\n        <\/h2>\n      \t<div class=\"text_bloc\">\n        \t<p>Contamos con una <strong>asesora nutricional <\/strong>que supervisa y planifica los men\u00fas mensuales escolares, siguiendo un cuidado protocolo de <strong>alergias e intolerancias alimentarias<\/strong>. En el comedor, hemos generado un espacio exclusivo para evitar contaminaciones cruzadas y respetar al m\u00e1ximo las alergias alimentarias. Adem\u00e1s, a la hora del servicio, se ha habilitado una nueva l\u00ednea con una persona responsable que elabora y sirve los men\u00fas del alumnado con especificidades nutricionales.<\/p>\n      \t<\/div>\n     \t<\/div>\n      <!-- .\/ Item -->\n    <\/div>\n  <\/div>\n\n\t\n\n\t\t<div id=\"videos-block_5f0f105cec5da\" class=\"video-fullscreen slider-videos lazy\">\n\t\t\t\t\t\t\t\t\t\t\t\t<iframe loading=\"lazy\" title=\"La nova cuina de l&#039;escola Frederic Mistral-T\u00e8cnic Eul\u00e0lia (Tibidabo)\" width=\"640\" height=\"360\" src=\"https:\/\/www.youtube.com\/embed\/c2C45ryNV5o?feature=oembed&#038;controls=1&#038;hd=1&#038;autohide=1\" frameborder=\"0\" allow=\"accelerometer; autoplay; clipboard-write; encrypted-media; gyroscope; picture-in-picture; web-share\" referrerpolicy=\"strict-origin-when-cross-origin\" allowfullscreen frameborder=\"0\"><\/iframe>\t\t\t\t\t    \t\t\t<\/div>\n\t\t\n\n\t<div iid=\"testimonio-block_5f0f1077ec5dc\" class=\"testimonio_static lazy\">\t\t\t\t<div class=\"testimonio-info slider_text\"><div class=\"nom_wrapper\"><h3 class=\"nom\">Blanca Esteve<\/h3>\t\t<h4 class=\"carreg\">asesora nutricional de la Fundaci\u00f3 Collserola<\/h4><\/div>\t\t<p class=\"cita\"><span>\u00ab<\/span>Los nuevos equipamientos nos permiten ampliar las t\u00e9cnicas de cocci\u00f3n y conservar al m\u00e1ximo los nutrientes, as\u00ed como el color.\u00bb<\/p>\t<\/div>\n<\/div>\n\n\n\t<div id=\"text-block_5f0f108eec5de\" class=\"text-simple bg-ultra_clar lazy\">    <div class=\"grid-container\">\n      <!-- Item -->\n      <div class=\"text-simple__text\">\n        <h2 class=\"titol_bloc\">\n          \t\n        <\/h2>\n      \t<div class=\"text_bloc\">\n        \t<p>Gracias al <strong>control automatizado de las <\/strong>temperaturas de las c\u00e1maras, podemos garantizar la seguridad alimentaria. Tambi\u00e9n, mediante el <strong>control de las <\/strong>cocciones en el horno, incorporamos guisados, donde la absorci\u00f3n de las grasas es mucho menor y esto nos permite preparar platos principales mucho m\u00e1s saludables. La sostenibilidad y el ahorro energ\u00e9tico est\u00e1n garantizados en la cocina con hornos de convecci\u00f3n y lavavajillas eficientes que reducen el consumo de electricidad.<\/p>\n<p>En la intranet de la escuela se puede consultar el <strong>men\u00fa diario <\/strong>y las <strong>recomendaciones<\/strong> <strong>para la cena<\/strong>. A la hora del descanso de media ma\u00f1ana, el alumnado de Secundaria y Bachillerato puede adquirir en el comedor bocadillos y bebidas.<\/p>\n      \t<\/div>\n     \t<\/div>\n      <!-- .\/ Item -->\n    <\/div>\n  <\/div>\n\n\t\n\n   \t<div id=\"\" class=\"row bg-clar ambits lazy\">\n   \t\t<h2 class=\"entry-title\">\u00c1mbitos<\/h2>\n     \t<div class=\"col-md-2 offset-md-1 offset-xxl-2\">\n       \t<div class=\"ambits-txt\">\n          Descubre los<br><strong> 5 ejes singulares<\/strong> que nos definen       \t<\/div>\n     \t<\/div>\n     \t<div class=\"col-md-9 col-xxl-8\">\n        <ul class=\"ambits-links\">\n        \t<li class=\"ambits-link cultura_valors\"><a href=\"https:\/\/fredericmistral-tecniceulalia.cat\/es\/ambitos\/cultura-y-valores\/\">Cultura y valores<\/a><\/li>\n          <li class=\"ambits-link sostenibilitat\"><a href=\"https:\/\/fredericmistral-tecniceulalia.cat\/es\/ambitos\/sostenibilidad\/\">sostenibilidad<\/a><\/li>\n          <li class=\"ambits-link orientacio\"><a href=\"https:\/\/fredericmistral-tecniceulalia.cat\/es\/ambitos\/orientacion-personal-y-academica\/\">Orientaci\u00f3n personal<br>y acad\u00e9mica<\/a><\/li>\n          <li class=\"ambits-link innovacio\"><a href=\"https:\/\/fredericmistral-tecniceulalia.cat\/es\/ambitos\/innovacio\/\">Innovaci\u00f3n<\/a><\/li>\n          <li class=\"ambits-link plurilinguisme\"><a href=\"https:\/\/fredericmistral-tecniceulalia.cat\/es\/ambitos\/plurilinguismo\/\">Pluriling\u00fcismo<\/a><\/li>\n       \t<\/ul>\n     \t<\/div>\n   \t<\/div>\n\n\t","protected":false},"excerpt":{"rendered":"","protected":false},"author":3,"featured_media":0,"parent":3942,"menu_order":0,"comment_status":"closed","ping_status":"closed","template":"","meta":{"_acf_changed":false,"_uag_custom_page_level_css":"","_themeisle_gutenberg_block_has_review":false,"footnotes":""},"class_list":{"0":"post-3951","1":"page","2":"type-page","3":"status-publish","5":"infinite-scroll-item"},"acf":[],"uagb_featured_image_src":{"full":false,"thumbnail":false,"medium":false,"medium_large":false,"large":false,"custom-cuadrat":false,"modul1":false,"post":false,"1536x1536":false,"2048x2048":false},"uagb_author_info":{"display_name":"usuari-admin","author_link":"https:\/\/fredericmistral-tecniceulalia.cat\/es\/author\/usuari-admin\/"},"uagb_comment_info":0,"uagb_excerpt":null,"_links":{"self":[{"href":"https:\/\/fredericmistral-tecniceulalia.cat\/es\/wp-json\/wp\/v2\/pages\/3951","targetHints":{"allow":["GET"]}}],"collection":[{"href":"https:\/\/fredericmistral-tecniceulalia.cat\/es\/wp-json\/wp\/v2\/pages"}],"about":[{"href":"https:\/\/fredericmistral-tecniceulalia.cat\/es\/wp-json\/wp\/v2\/types\/page"}],"author":[{"embeddable":true,"href":"https:\/\/fredericmistral-tecniceulalia.cat\/es\/wp-json\/wp\/v2\/users\/3"}],"replies":[{"embeddable":true,"href":"https:\/\/fredericmistral-tecniceulalia.cat\/es\/wp-json\/wp\/v2\/comments?post=3951"}],"version-history":[{"count":6,"href":"https:\/\/fredericmistral-tecniceulalia.cat\/es\/wp-json\/wp\/v2\/pages\/3951\/revisions"}],"predecessor-version":[{"id":5365,"href":"https:\/\/fredericmistral-tecniceulalia.cat\/es\/wp-json\/wp\/v2\/pages\/3951\/revisions\/5365"}],"up":[{"embeddable":true,"href":"https:\/\/fredericmistral-tecniceulalia.cat\/es\/wp-json\/wp\/v2\/pages\/3942"}],"wp:attachment":[{"href":"https:\/\/fredericmistral-tecniceulalia.cat\/es\/wp-json\/wp\/v2\/media?parent=3951"}],"curies":[{"name":"wp","href":"https:\/\/api.w.org\/{rel}","templated":true}]}}