{"id":5238,"date":"2021-01-12T14:16:40","date_gmt":"2021-01-12T13:16:40","guid":{"rendered":"https:\/\/fredericmistral-tecniceulalia.cat\/el-colegio\/projecte-educatiu\/"},"modified":"2021-02-17T14:13:52","modified_gmt":"2021-02-17T13:13:52","slug":"proyecto-educativo","status":"publish","type":"page","link":"https:\/\/fredericmistral-tecniceulalia.cat\/es\/el-colegio\/proyecto-educativo\/","title":{"rendered":"Proyecto Educativo"},"content":{"rendered":"\n\t<div id=\"cabecerainterior-block_5ed76a1064337\" class=\"cabecerainterior lazy\">\n\t\t<div class=\"cabint-image\">\n\t\t\t<img decoding=\"async\" src=\"https:\/\/fredericmistral-tecniceulalia.cat\/wp-content\/uploads\/2021\/01\/projecte-educatiu.jpg\" alt=\"Dos alumnes i una professora a l'aula\">\n\t\t<\/div>\n\t\t<div class=\"cabint-info\">\n\t\t\t<h1 class=\"cabint-info__titol\">\n\t\t\t\tProyecto Educativo\t\t\t<\/h1>\n\t\t<\/div>\n\t<\/div>\n\n\t\n\n\n\t<div id=\"tornarenrera-block_5f35950a6cbc8\" class=\"back lazy\">\n\t\t<a href=\"\/es\/el-colegio\/\" class=\"goback\">\n\t\t\t<img decoding=\"async\" src=\"\/wp-content\/uploads\/2020\/08\/arrow_goback.png\" alt=\"Tornar enrere\" title=\"Tornar enrere\"\/>\n\t\t<\/a>\n\t<\/div>\n\n\t\n\n\t<div iid=\"textodestacado-block_5f0d852546396\" class=\"text-destacat lazy\">\t\t<div class=\"grid-container\">\n\t\t\t<!-- Item -->\n        <div class=\"text-destacat__text\">\n\t\t\t\t\t<h2 class=\"titol_bloc\">\n\t\t\t\t\t\t\t\t\t\t\t<\/h2>\n\t\t\t\t\t<div class=\"text_bloc\">\n\t\t\t\t\t\t<p>El curso 2016\/17 tota la comunidad escolar (profesorado, alumnado, familias, personal no docente y Cim d\u2019Estela) llevaron a cabo un proceso participativo de revisi\u00f3n y actualizaci\u00f3n de nuestro <strong>Proyecto Educativo<\/strong>.<\/p>\n\t\t\t\t\t<\/div>\n\t\t\t\t<\/div>\n\t\t\t<!-- .\/ Item -->\t\n\t\t<\/div>\n\t<\/div>\n\n\t\n\n\t<div id=\"text-block_5f0d85ca4639e\" class=\"text-simple bg-ultra_clar lazy\">    <div class=\"grid-container\">\n      <!-- Item -->\n      <div class=\"text-simple__text\">\n        <h2 class=\"titol_bloc\">\n          \t\n        <\/h2>\n      \t<div class=\"text_bloc\">\n        \t<p>A partir de las aportaciones sobre fortalezas y debilidades, oportunidades y amenazas, que entre todos hicieron, hemos elaborado el nuevo PEC para poder afrontar los retos del futuro.<\/p>\n<p><strong><a href=\"https:\/\/www.fundaciocollserola.cat\/intranet\/pdfs\/pec\/PEC_FMTE_1-11.pdf\" target=\"_blank\" rel=\"noopener\">Introducci\u00f3n y marco legal \u2013 Identidad y car\u00e1cter propio \u2013 La escuela y el entorno<\/a><\/strong><\/p>\n<p><strong><a href=\"https:\/\/www.fundaciocollserola.cat\/intranet\/pdfs\/pec\/PEC_FMTE_12-25.pdf\" target=\"_blank\" rel=\"noopener\">Organizaci\u00f3n pedag\u00f3gica<\/a><\/strong><\/p>\n<p><strong><a href=\"https:\/\/www.fundaciocollserola.cat\/intranet\/pdfs\/pec\/PEC_FMTE_26-31.pdf\" target=\"_blank\" rel=\"noopener\">Diversidad e inclusi\u00f3n \u2013 Tutor\u00eda y Orientaci\u00f3n educativa \u2013 Promoci\u00f3n de la Convivencia<\/a><\/strong><\/p>\n<p><strong><a href=\"https:\/\/www.fundaciocollserola.cat\/intranet\/pdfs\/pec\/PEC_FMTE_32-37.pdf\" target=\"_blank\" rel=\"noopener\">Estructura organizativa y de gesti\u00f3n<\/a><\/strong><\/p>\n<p><strong><a href=\"https:\/\/www.fundaciocollserola.cat\/intranet\/pdfs\/pec\/PEC_FMTE_38-39.pdf\" target=\"_blank\" rel=\"noopener\">Actividades extraescolares y de ocio<\/a><\/strong><\/p>\n<p><strong><a href=\"https:\/\/www.fundaciocollserola.cat\/intranet\/pdfs\/pec\/PEC_FMTE_40-41.pdf\" target=\"_blank\" rel=\"noopener\">Participaci\u00f3n, Comunicaci\u00f3n y Proyecci\u00f3n Externa<\/a><\/strong><\/p>\n<p><strong><a href=\"https:\/\/www.fundaciocollserola.cat\/intranet\/pdfs\/pec\/PEC_FMTE_42-43.pdf\" target=\"_blank\" rel=\"noopener\">Elaboraci\u00f3n y revisi\u00f3n del Proyecto Educativo<\/a><\/strong><\/p>\n      \t<\/div>\n     \t<\/div>\n      <!-- .\/ Item -->\n    <\/div>\n  <\/div>\n\n\t\n\n   \t<div id=\"\" class=\"row bg-clar ambits lazy\">\n   \t\t<h2 class=\"entry-title\">\u00c1mbitos<\/h2>\n     \t<div class=\"col-md-2 offset-md-1 offset-xxl-2\">\n       \t<div class=\"ambits-txt\">\n          Descubre los<br><strong> 5 ejes singulares<\/strong> que nos definen       \t<\/div>\n     \t<\/div>\n     \t<div class=\"col-md-9 col-xxl-8\">\n        <ul class=\"ambits-links\">\n        \t<li class=\"ambits-link cultura_valors\"><a href=\"https:\/\/fredericmistral-tecniceulalia.cat\/es\/ambitos\/cultura-y-valores\/\">Cultura y valores<\/a><\/li>\n          <li class=\"ambits-link sostenibilitat\"><a href=\"https:\/\/fredericmistral-tecniceulalia.cat\/es\/ambitos\/sostenibilidad\/\">sostenibilidad<\/a><\/li>\n          <li class=\"ambits-link orientacio\"><a href=\"https:\/\/fredericmistral-tecniceulalia.cat\/es\/ambitos\/orientacion-personal-y-academica\/\">Orientaci\u00f3n personal<br>y acad\u00e9mica<\/a><\/li>\n          <li class=\"ambits-link innovacio\"><a href=\"https:\/\/fredericmistral-tecniceulalia.cat\/es\/ambitos\/innovacio\/\">Innovaci\u00f3n<\/a><\/li>\n          <li class=\"ambits-link plurilinguisme\"><a href=\"https:\/\/fredericmistral-tecniceulalia.cat\/es\/ambitos\/plurilinguismo\/\">Pluriling\u00fcismo<\/a><\/li>\n       \t<\/ul>\n     \t<\/div>\n   \t<\/div>\n\n\t","protected":false},"excerpt":{"rendered":"","protected":false},"author":3,"featured_media":0,"parent":3870,"menu_order":0,"comment_status":"closed","ping_status":"closed","template":"","meta":{"_acf_changed":false,"_uag_custom_page_level_css":"","_themeisle_gutenberg_block_has_review":false,"footnotes":""},"class_list":{"0":"post-5238","1":"page","2":"type-page","3":"status-publish","5":"infinite-scroll-item"},"acf":[],"uagb_featured_image_src":{"full":false,"thumbnail":false,"medium":false,"medium_large":false,"large":false,"custom-cuadrat":false,"modul1":false,"post":false,"1536x1536":false,"2048x2048":false},"uagb_author_info":{"display_name":"usuari-admin","author_link":"https:\/\/fredericmistral-tecniceulalia.cat\/es\/author\/usuari-admin\/"},"uagb_comment_info":0,"uagb_excerpt":null,"_links":{"self":[{"href":"https:\/\/fredericmistral-tecniceulalia.cat\/es\/wp-json\/wp\/v2\/pages\/5238","targetHints":{"allow":["GET"]}}],"collection":[{"href":"https:\/\/fredericmistral-tecniceulalia.cat\/es\/wp-json\/wp\/v2\/pages"}],"about":[{"href":"https:\/\/fredericmistral-tecniceulalia.cat\/es\/wp-json\/wp\/v2\/types\/page"}],"author":[{"embeddable":true,"href":"https:\/\/fredericmistral-tecniceulalia.cat\/es\/wp-json\/wp\/v2\/users\/3"}],"replies":[{"embeddable":true,"href":"https:\/\/fredericmistral-tecniceulalia.cat\/es\/wp-json\/wp\/v2\/comments?post=5238"}],"version-history":[{"count":11,"href":"https:\/\/fredericmistral-tecniceulalia.cat\/es\/wp-json\/wp\/v2\/pages\/5238\/revisions"}],"predecessor-version":[{"id":5251,"href":"https:\/\/fredericmistral-tecniceulalia.cat\/es\/wp-json\/wp\/v2\/pages\/5238\/revisions\/5251"}],"up":[{"embeddable":true,"href":"https:\/\/fredericmistral-tecniceulalia.cat\/es\/wp-json\/wp\/v2\/pages\/3870"}],"wp:attachment":[{"href":"https:\/\/fredericmistral-tecniceulalia.cat\/es\/wp-json\/wp\/v2\/media?parent=5238"}],"curies":[{"name":"wp","href":"https:\/\/api.w.org\/{rel}","templated":true}]}}